{"id":251485,"date":"2024-08-27T13:21:45","date_gmt":"2024-08-27T12:21:45","guid":{"rendered":"https:\/\/blackcamp.it\/freeda-xl-2\/"},"modified":"2026-08-29T21:34:02","modified_gmt":"2026-08-29T20:34:02","slug":"freeda-xl","status":"publish","type":"page","link":"https:\/\/blackcamp.it\/it\/freeda-xl\/","title":{"rendered":"IT_FREEda-XL"},"content":{"rendered":"<div class=\"et_pb_section_0 et_pb_section et_section_regular et_flex_section et-pb-has-background-video et_pb_preload preset--module--divi-section--ojv9o0k3vr\"><span class=\"et-pb-background-video\"><video autoplay loop playsinline muted width=\"1920\" height=\"720\"><source type=\"video\/mp4\" data-src=\"https:\/\/blackcamp.it\/wp-content\/uploads\/2026\/08\/BLACKCAMP-FREEdaXL_1920x720.mp4\" \/><source type=\"video\/webm\" data-src=\"https:\/\/blackcamp.it\/wp-content\/uploads\/2026\/08\/BLACKCAMP-FREEdaXL_1920x720.webm\" \/><\/video><\/span>\n<div class=\"et_pb_row_0 et_pb_row et_flex_row preset--module--divi-row--default\">\n<div class=\"et_pb_column_0 et_pb_column et-last-child et_flex_column et_pb_css_mix_blend_mode_passthrough et_flex_column_24_24 et_flex_column_24_24_tablet et_flex_column_24_24_phone\">\n<div class=\"et_pb_text_0 et_pb_text et_pb_bg_layout_light et_pb_module et_flex_module preset--module--divi-text--6ondddysfp preset--module--divi-text--18fku8ch5t\"><div class=\"et_pb_text_inner\"><h1>BLACKCAMP FREEda XL<\/h1>\n<\/div><\/div>\n\n<div class=\"et_pb_text_1 et_pb_text et_pb_bg_layout_light et_pb_module et_flex_module preset--module--divi-text--zkizvd5a9h\"><div class=\"et_pb_text_inner\"><p>Massima libert\u00e0. Massimo comfort. Massima avventura.  <\/p>\n<\/div><\/div>\n<\/div>\n<\/div>\n<\/div>\n\n<div class=\"et_pb_section_1 et_pb_section et_section_regular et_block_section preset--module--divi-section--default\">\n<div class=\"et_pb_row_1 et_pb_row et_block_row preset--module--divi-row--default\">\n<div class=\"et_pb_column_1 et_pb_column et_pb_column_4_4 et-last-child et_block_column et_pb_css_mix_blend_mode_passthrough\">\n<div class=\"et_pb_text_2 et_pb_text et_pb_bg_layout_light et_pb_module et_flex_module preset--module--divi-text--default\"><div class=\"et_pb_text_inner\"><p>BLACKCAMP FREEda XL \u00e8 la risposta per chi non vuole scendere a compromessi in viaggio. Con la sua piattaforma XL, offre spazio sufficiente per mountain bike, attrezzatura pesante e lunghe avventure. <\/p>\n<p>Il fiore all&#8217;occhiello: l&#8217;interno XL \u00e8 completamente modulare. Usalo come eccezionale vano di carico per la tua attrezzatura\u2014oppure trasformalo con l&#8217;allestimento Living in una comoda zona giorno con tavolo e ampia superficie di riposo. In combinazione con la tenda da tetto ad accesso diretto dall&#8217;interno, si crea uno spazio notte flessibile in grado di ospitare fino a 6 persone.  <\/p>\n<\/div><\/div>\n<\/div>\n<\/div>\n\n<div class=\"et_pb_row_2 et_pb_row et_flex_row preset--module--divi-row--default\">\n<div class=\"et_pb_column_2 et_pb_column et-last-child et_flex_column et_pb_css_mix_blend_mode_passthrough et_flex_column_24_24 et_flex_column_24_24_tablet et_flex_column_24_24_phone\">\n\n\n\n\n\n<\/div>\n<\/div>\n<\/div>\n\n<div class=\"et_pb_section_2 et_pb_section et_section_regular et_block_section preset--module--divi-section--default\">\n<div class=\"et_pb_row_3 et_pb_row et_block_row preset--module--divi-row--default\">\n<div class=\"et_pb_column_3 et_pb_column et_pb_column_4_4 et-last-child et_flex_column et_pb_css_mix_blend_mode_passthrough\">\n<div class=\"et_pb_text_3 et_pb_text et_pb_bg_layout_dark et_pb_module et_flex_module preset--module--divi-text--5wzj3x56sp\"><div class=\"et_pb_text_inner\"><h3>Il pacchetto Living: la tua casa su ruote<\/h3>\n<p>Ampio spazio abitabile di giorno, accogliente rifugio per la notte\u2014con il pacchetto Living la tua FREEda XL si adatta a ogni momento.<\/p>\n<\/div><\/div>\n<\/div>\n<\/div>\n\n<div class=\"et_pb_row_4 et_pb_row et_flex_row preset--module--divi-row--default\"><span class=\"et-pb-background-video et-pb-background-video--empty\"><\/span>\n<div class=\"et_pb_column_4 et_pb_column et_flex_column et_pb_css_mix_blend_mode_passthrough et-pb-has-background-video et_pb_preload et_flex_column_12_24 et_flex_column_12_24_tablet et_flex_column_24_24_phone\"><span class=\"et-pb-background-video\"><video autoplay loop playsinline muted width=\"1080\" height=\"1080\"><source type=\"video\/mp4\" data-src=\"https:\/\/blackcamp.it\/wp-content\/uploads\/2026\/08\/BLACKCAMPLiving_1080x1080.mp4\" \/><source type=\"video\/webm\" data-src=\"https:\/\/blackcamp.it\/wp-content\/uploads\/2026\/08\/BLACKCAMPLiving_1080X1080.webm\" \/><\/video><\/span>\n<a class=\"et_pb_icon_0 et_pb_icon et_clickable et_pb_module et_flex_module open-video-lightbox\" href=\"https:\/\/blackcamp.it\/it\/blackcamp-living-kurz-1920x1080\/\"><span class=\"et_pb_icon_wrap\"><span class=\"et-pb-icon\">\uf31e<\/span><\/span><\/a>\n<\/div>\n\n<div class=\"et_pb_column_5 et_pb_column et-last-child et_flex_column et_pb_css_mix_blend_mode_passthrough et_flex_column_12_24 et_flex_column_12_24_tablet et_flex_column_24_24_phone\">\n<div class=\"et_pb_row_5 et_pb_row et_pb_row_nested et_flex_row preset--module--divi-row--default\">\n<div class=\"et_pb_column_6 et_pb_column et_flex_column et_pb_css_mix_blend_mode_passthrough et_flex_column_12_24 et_flex_column_12_24_tablet et_flex_column_12_24_phone preset--module--divi-column--njao7mwakd\">\n<div class=\"et_pb_blurb_0 et_pb_blurb et_pb_bg_layout_light et_pb_blurb_position_left et_pb_module et_flex_module preset--module--divi-blurb--kopl4u1qn7\"><div class=\"et_pb_blurb_content et_flex_module\"><div class=\"et_pb_main_blurb_image\"><span class=\"et_pb_image_wrap\"><span class=\"et-pb-icon\">\uf182<\/span><\/span><\/div><div class=\"et_pb_blurb_container\"><h4 class=\"et_pb_module_header\">Accesso protetto alla tenda<\/h4><div class=\"et_pb_blurb_description\"><p>Tramite la botola integrata accedi alla tenda da tetto direttamente dall&#8217;interno. Perfetto per la notte o in caso di maltempo: asciutto, comodo e senza dover uscire dalla mini roulotte. <\/p>\n<\/div><\/div><\/div><\/div>\n<\/div>\n\n<div class=\"et_pb_column_7 et_pb_column et-last-child et_flex_column et_pb_css_mix_blend_mode_passthrough et_flex_column_12_24 et_flex_column_12_24_tablet et_flex_column_12_24_phone preset--module--divi-column--njao7mwakd\">\n<div class=\"et_pb_blurb_1 et_pb_blurb et_pb_bg_layout_light et_pb_blurb_position_left et_pb_module et_flex_module preset--module--divi-blurb--kopl4u1qn7\"><div class=\"et_pb_blurb_content et_flex_module\"><div class=\"et_pb_main_blurb_image\"><span class=\"et_pb_image_wrap\"><span class=\"et-pb-icon\">\uf4b8<\/span><\/span><\/div><div class=\"et_pb_blurb_container\"><h4 class=\"et_pb_module_header\">Dinette flessibile e superficie di riposo<\/h4><div class=\"et_pb_blurb_description\"><p>Che si tratti di cenare insieme al tavolo estensibile o di godersi notti rigeneranti: L&#8217;interno si trasforma in un attimo da comoda dinette in un ampio letto per fino a 3 persone (200 x 165 cm).<\/p>\n<\/div><\/div><\/div><\/div>\n<\/div>\n<\/div>\n<\/div>\n<\/div>\n\n<div class=\"et_pb_row_6 et_pb_row et_flex_row preset--module--divi-row--default\">\n<div class=\"et_pb_column_8 et_pb_column et_flex_column et_pb_css_mix_blend_mode_passthrough et_flex_column_12_24 et_flex_column_12_24_tablet et_flex_column_12_24_phone preset--module--divi-column--njao7mwakd\">\n<div class=\"et_pb_blurb_2 et_pb_blurb et_pb_bg_layout_light et_pb_blurb_position_left et_pb_module et_flex_module preset--module--divi-blurb--kopl4u1qn7\"><div class=\"et_pb_blurb_content et_flex_module\"><div class=\"et_pb_main_blurb_image\"><span class=\"et_pb_image_wrap\"><span class=\"et-pb-icon\">\uf6fc<\/span><\/span><\/div><div class=\"et_pb_blurb_container\"><h4 class=\"et_pb_module_header\">Vista panoramica e luce accogliente<\/h4><div class=\"et_pb_blurb_description\"><p>Le ampie finestre a compasso regalan abbondante luce naturale e una vista aperta sul verde. Con oscurante e zanzariera integrati, ti godi il massimo della privacy in qualsiasi momento. <\/p>\n<\/div><\/div><\/div><\/div>\n<\/div>\n\n<div class=\"et_pb_column_9 et_pb_column et-last-child et_flex_column et_pb_css_mix_blend_mode_passthrough et_flex_column_12_24 et_flex_column_12_24_tablet et_flex_column_12_24_phone preset--module--divi-column--njao7mwakd\">\n<div class=\"et_pb_blurb_3 et_pb_blurb et_pb_bg_layout_light et_pb_blurb_position_left et_pb_module et_flex_module preset--module--divi-blurb--kopl4u1qn7\"><div class=\"et_pb_blurb_content et_flex_module\"><div class=\"et_pb_main_blurb_image\"><span class=\"et_pb_image_wrap\"><span class=\"et-pb-icon\">\uf187<\/span><\/span><\/div><div class=\"et_pb_blurb_container\"><h4 class=\"et_pb_module_header\">Spazio contenitivo intelligente<\/h4><div class=\"et_pb_blurb_description\"><p>Vani portaoggetti discretamente integrati direttamente all&#8217;interno delle panche mantengono i tuoi vestiti e utensili sempre a portata di mano, al sicuro e in perfetto ordine.<\/p>\n<\/div><\/div><\/div><\/div>\n<\/div>\n<\/div>\n\n<div class=\"et_pb_row_7 et_pb_row et_flex_row preset--module--divi-row--default\">\n<div class=\"et_pb_column_10 et_pb_column et-last-child et_flex_column et_pb_css_mix_blend_mode_passthrough et_flex_column_24_24 et_flex_column_24_24_tablet et_flex_column_24_24_phone\">\n<div class=\"et_pb_gallery_0 et_pb_gallery et_pb_bg_layout_light et_pb_gallery_grid et_pb_module\" data-auto-rotate=\"off\" data-auto-rotate-speed=\"\"><div class=\"et_pb_gallery_items et_post_gallery clearfix et_grid_module\" data-per_page=\"4\"><div class=\"et_pb_gallery_item et_pb_grid_item et_pb_gallery_item_0_0\"><div class=\"et_pb_gallery_image landscape\" data-per_page=\"4\"><a href=\"https:\/\/blackcamp.it\/wp-content\/uploads\/2026\/08\/BLACKCAMP-Living-Innenausbau_1920x1080.jpg\" title=\"BLACKCAMP-Living-Innenausbau_1920x1080\"><img loading=\"lazy\" decoding=\"async\" width=\"400\" height=\"284\" src=\"https:\/\/blackcamp.it\/wp-content\/uploads\/2026\/08\/BLACKCAMP-Living-Innenausbau_1920x1080-400x284.jpg\" alt=\"\" class=\"wp-image-251348\" srcset=\"https:\/\/blackcamp.it\/wp-content\/uploads\/2026\/08\/BLACKCAMP-Living-Innenausbau_1920x1080.jpg 479w, https:\/\/blackcamp.it\/wp-content\/uploads\/2026\/08\/BLACKCAMP-Living-Innenausbau_1920x1080-400x284.jpg 480w\" sizes=\"(max-width:479px) 479px, 100vw\" \/><span class=\"et_overlay\" data-icon=\"\" data-icon-tablet=\"\" data-icon-phone=\"\"><\/span><\/a><\/div><\/div><div class=\"et_pb_gallery_item et_pb_grid_item et_pb_gallery_item_0_1\"><div class=\"et_pb_gallery_image landscape\" data-per_page=\"4\"><a href=\"https:\/\/blackcamp.it\/wp-content\/uploads\/2026\/08\/BLACKCAMP-Living-Tisch_1920x1080.jpg\" title=\"BLACKCAMP-Living-Tisch_1920x1080\"><img loading=\"lazy\" decoding=\"async\" width=\"400\" height=\"284\" src=\"https:\/\/blackcamp.it\/wp-content\/uploads\/2026\/08\/BLACKCAMP-Living-Tisch_1920x1080-400x284.jpg\" alt=\"\" class=\"wp-image-251347\" srcset=\"https:\/\/blackcamp.it\/wp-content\/uploads\/2026\/08\/BLACKCAMP-Living-Tisch_1920x1080.jpg 479w, https:\/\/blackcamp.it\/wp-content\/uploads\/2026\/08\/BLACKCAMP-Living-Tisch_1920x1080-400x284.jpg 480w\" sizes=\"(max-width:479px) 479px, 100vw\" \/><span class=\"et_overlay\" data-icon=\"\" data-icon-tablet=\"\" data-icon-phone=\"\"><\/span><\/a><\/div><\/div><div class=\"et_pb_gallery_item et_pb_grid_item et_pb_gallery_item_0_2\"><div class=\"et_pb_gallery_image landscape\" data-per_page=\"4\"><a href=\"https:\/\/blackcamp.it\/wp-content\/uploads\/2026\/08\/BLACKCAMP-Living-Liegeflaeche_1920x1080.jpg\" title=\"BLACKCAMP-Living-Liegefl\u00e4che_1920x1080\"><img loading=\"lazy\" decoding=\"async\" width=\"400\" height=\"284\" src=\"https:\/\/blackcamp.it\/wp-content\/uploads\/2026\/08\/BLACKCAMP-Living-Liegeflaeche_1920x1080-400x284.jpg\" alt=\"\" class=\"wp-image-251349\" srcset=\"https:\/\/blackcamp.it\/wp-content\/uploads\/2026\/08\/BLACKCAMP-Living-Liegeflaeche_1920x1080.jpg 479w, https:\/\/blackcamp.it\/wp-content\/uploads\/2026\/08\/BLACKCAMP-Living-Liegeflaeche_1920x1080-400x284.jpg 480w\" sizes=\"(max-width:479px) 479px, 100vw\" \/><span class=\"et_overlay\" data-icon=\"\" data-icon-tablet=\"\" data-icon-phone=\"\"><\/span><\/a><\/div><\/div><div class=\"et_pb_gallery_item et_pb_grid_item et_pb_gallery_item_0_3\"><div class=\"et_pb_gallery_image landscape\" data-per_page=\"4\"><a href=\"https:\/\/blackcamp.it\/wp-content\/uploads\/2026\/08\/BLACKCAMP-Living-Aussenansicht_1920x1080.jpg\" title=\"BLACKCAMP-Living-Au\u00dfenansicht_1920x1080\"><img loading=\"lazy\" decoding=\"async\" width=\"400\" height=\"284\" src=\"https:\/\/blackcamp.it\/wp-content\/uploads\/2026\/08\/BLACKCAMP-Living-Aussenansicht_1920x1080-400x284.jpg\" alt=\"\" class=\"wp-image-251351\" srcset=\"https:\/\/blackcamp.it\/wp-content\/uploads\/2026\/08\/BLACKCAMP-Living-Aussenansicht_1920x1080.jpg 479w, https:\/\/blackcamp.it\/wp-content\/uploads\/2026\/08\/BLACKCAMP-Living-Aussenansicht_1920x1080-400x284.jpg 480w\" sizes=\"(max-width:479px) 479px, 100vw\" \/><span class=\"et_overlay\" data-icon=\"\" data-icon-tablet=\"\" data-icon-phone=\"\"><\/span><\/a><\/div><\/div><\/div><\/div>\n<\/div>\n<\/div>\n<\/div>\n\n<div class=\"et_pb_section_3 et_pb_section et_section_regular et_block_section preset--module--divi-section--082zb2t5pd\">\n<div class=\"et_pb_row_8 et_pb_row et_flex_row preset--module--divi-row--default\">\n<div class=\"et_pb_column_11 et_pb_column et-last-child et_block_column et_pb_css_mix_blend_mode_passthrough et_flex_column_24_24 et_flex_column_24_24_tablet et_flex_column_24_24_phone\">\n<div class=\"et_pb_text_4 et_pb_text et_pb_bg_layout_dark et_pb_module et_flex_module preset--module--divi-text--decc928yc6 preset--module--divi-text--5wzj3x56sp\"><div class=\"et_pb_text_inner\"><h2>3 motivi per cui amerai FREEda XL<\/h2>\n<\/div><\/div>\n<\/div>\n<\/div>\n\n<div class=\"et_pb_row_9 et_pb_row et_flex_row preset--module--divi-row--default\">\n<div class=\"et_pb_column_12 et_pb_column et-last-child et_flex_column et_pb_css_mix_blend_mode_passthrough et_flex_column_24_24 et_flex_column_24_24_tablet et_flex_column_24_24_phone\">\n\n\n\n\n\n\n\n\n\n\n\n<\/div>\n<\/div>\n<\/div>\n\n\n\n<div class=\"et_pb_section_5 et_pb_section et_section_regular et_block_section preset--module--divi-section--default\">\n<div class=\"et_pb_row_12 et_pb_row et_flex_row preset--module--divi-row--default\">\n<div class=\"et_pb_column_15 et_pb_column et-last-child et_block_column et_pb_css_mix_blend_mode_passthrough et_flex_column_24_24 et_flex_column_24_24_tablet et_flex_column_24_24_phone\">\n<div class=\"et_pb_text_6 et_pb_text et_pb_bg_layout_light et_pb_module et_flex_module preset--module--divi-text--default\"><div class=\"et_pb_text_inner\"><h2><span class=\"a_GcMg font-feature-liga-off font-feature-clig-off font-feature-calt-off text-decoration-none text-strikethrough-none\">Dati tecnici, dimensioni e accessori<\/span><\/h2>\n<p><span data-olk-copy-source=\"MessageBody\">Tutte le informazioni chiave in un colpo d&#8217;occhio\u2014dalle dimensioni alle dotazioni di serie, fino ai pacchetti accessori dedicati.<\/span><\/p>\n<\/div><\/div>\n<\/div>\n<\/div>\n\n<div class=\"et_pb_row_13 et_pb_row et_flex_row preset--module--divi-row--default\">\n<div class=\"et_pb_column_16 et_pb_column et-last-child et_block_column et_pb_css_mix_blend_mode_passthrough et_flex_column_24_24 et_flex_column_24_24_tablet et_flex_column_24_24_phone\">\n<div class=\"et_pb_toggle_0 et_pb_toggle et_pb_toggle_item et_pb_toggle_close et_pb_module et_flex_module preset--module--divi-toggle--61je26rhfl\"><h5 class=\"et_pb_toggle_title\">Specifiche tecniche<\/h5><div class=\"et_pb_toggle_content clearfix et_flex_module\">\n<div class=\"et_pb_blurb_4 et_pb_blurb et_pb_bg_layout_light et_pb_blurb_position_left et_pb_module et_flex_module preset--module--divi-blurb--kopl4u1qn7\"><div class=\"et_pb_blurb_content et_flex_module\"><div class=\"et_pb_main_blurb_image\"><span class=\"et_pb_image_wrap\"><span class=\"et-pb-icon\">\uf5cd<\/span><\/span><\/div><div class=\"et_pb_blurb_container\"><h4 class=\"et_pb_module_header\">Peso<\/h4><div class=\"et_pb_blurb_description\"><ul>\n<li>ca. 720 kg con dotazione di serie<\/li>\n<li>ca. 930 kg a pieno allestimento<\/li>\n<\/ul>\n<\/div><\/div><\/div><\/div>\n\n<div class=\"et_pb_blurb_5 et_pb_blurb et_pb_bg_layout_light et_pb_blurb_position_left et_pb_module et_flex_module preset--module--divi-blurb--kopl4u1qn7\"><div class=\"et_pb_blurb_content et_flex_module\"><div class=\"et_pb_main_blurb_image\"><span class=\"et_pb_image_wrap\"><span class=\"et-pb-icon\">\uf496<\/span><\/span><\/div><div class=\"et_pb_blurb_container\"><h4 class=\"et_pb_module_header\">Peso complessivo<\/h4><div class=\"et_pb_blurb_description\"><ul>\n<li>750 kg &#8211; 1.300 kg<\/li>\n<li>fino a 1.600 kg (con sovrapprezzo)<\/li>\n<\/ul>\n<\/div><\/div><\/div><\/div>\n\n<div class=\"et_pb_blurb_6 et_pb_blurb et_pb_bg_layout_light et_pb_blurb_position_left et_pb_module et_flex_module preset--module--divi-blurb--kopl4u1qn7\"><div class=\"et_pb_blurb_content et_flex_module\"><div class=\"et_pb_main_blurb_image\"><span class=\"et_pb_image_wrap\"><span class=\"et-pb-icon\">\uf49e<\/span><\/span><\/div><div class=\"et_pb_blurb_container\"><h4 class=\"et_pb_module_header\">Volume di carico<\/h4><div class=\"et_pb_blurb_description\"><ul>\n<li>4.180 litri<\/li>\n<\/ul>\n<\/div><\/div><\/div><\/div>\n\n<div class=\"et_pb_blurb_7 et_pb_blurb et_pb_bg_layout_light et_pb_blurb_position_left et_pb_module et_flex_module preset--module--divi-blurb--kopl4u1qn7\"><div class=\"et_pb_blurb_content et_flex_module\"><div class=\"et_pb_main_blurb_image\"><span class=\"et_pb_image_wrap\"><span class=\"et-pb-icon\">\uf547<\/span><\/span><\/div><div class=\"et_pb_blurb_container\"><h4 class=\"et_pb_module_header\">Lunghezza<\/h4><div class=\"et_pb_blurb_description\"><ul>\n<li>370 cm con timone di traino<\/li>\n<li>300 cm con timone di traino<\/li>\n<li>150 cm lunghezza dell&#8217;estrazione totale<\/li>\n<\/ul>\n<\/div><\/div><\/div><\/div>\n\n<div class=\"et_pb_blurb_8 et_pb_blurb et_pb_bg_layout_light et_pb_blurb_position_left et_pb_module et_flex_module preset--module--divi-blurb--kopl4u1qn7\"><div class=\"et_pb_blurb_content et_flex_module\"><div class=\"et_pb_main_blurb_image\"><span class=\"et_pb_image_wrap\"><span class=\"et-pb-icon\">\uf548<\/span><\/span><\/div><div class=\"et_pb_blurb_container\"><h4 class=\"et_pb_module_header\">Altezza<\/h4><div class=\"et_pb_blurb_description\"><ul>\n<li>\n<p>120 cm senza pneumatici<\/p>\n<\/li>\n<li>\n<p>200 cm con pneumatici standard<\/p>\n<\/li>\n<\/ul>\n<\/div><\/div><\/div><\/div>\n\n<div class=\"et_pb_blurb_9 et_pb_blurb et_pb_bg_layout_light et_pb_blurb_position_left et_pb_module et_flex_module preset--module--divi-blurb--kopl4u1qn7\"><div class=\"et_pb_blurb_content et_flex_module\"><div class=\"et_pb_main_blurb_image\"><span class=\"et_pb_image_wrap\"><span class=\"et-pb-icon\">\uf545<\/span><\/span><\/div><div class=\"et_pb_blurb_container\"><h4 class=\"et_pb_module_header\">Larghezza<\/h4><div class=\"et_pb_blurb_description\"><ul>\n<li>170 cm<\/li>\n<\/ul>\n<\/div><\/div><\/div><\/div>\n<\/div><\/div>\n\n<div class=\"et_pb_toggle_1 et_pb_toggle et_pb_toggle_item et_pb_toggle_close et_pb_module et_flex_module preset--module--divi-toggle--61je26rhfl\"><h5 class=\"et_pb_toggle_title\">Dotazione di serie<\/h5><div class=\"et_pb_toggle_content clearfix et_flex_module\">\n<div class=\"et_pb_blurb_10 et_pb_blurb et_pb_bg_layout_light et_pb_blurb_position_left et_pb_module et_flex_module preset--module--divi-blurb--kopl4u1qn7\"><div class=\"et_pb_blurb_content et_flex_module\"><div class=\"et_pb_main_blurb_image\"><span class=\"et_pb_image_wrap\"><span class=\"et-pb-icon\">\uf49e<\/span><\/span><\/div><div class=\"et_pb_blurb_container\"><h4 class=\"et_pb_module_header\">Vano di carico<\/h4><div class=\"et_pb_blurb_description\"><ul>\n<li>Posteriore accessibile tramite 2 grandi porte (1x laterale, 1x posteriore), 3330 litri<\/li>\n<li>Accessibile anteriormente tramite 3 porte, 850 litri<\/li>\n<\/ul>\n<\/div><\/div><\/div><\/div>\n\n<div class=\"et_pb_blurb_11 et_pb_blurb et_pb_bg_layout_light et_pb_blurb_position_left et_pb_module et_flex_module preset--module--divi-blurb--kopl4u1qn7\"><div class=\"et_pb_blurb_content et_flex_module\"><div class=\"et_pb_main_blurb_image\"><span class=\"et_pb_image_wrap\"><span class=\"et-pb-icon\">\uf1e6<\/span><\/span><\/div><div class=\"et_pb_blurb_container\"><h4 class=\"et_pb_module_header\">Elettricit\u00e0<\/h4><div class=\"et_pb_blurb_description\"><ul>\n<li>Collegamento alla terraferma per 230 V<\/li>\n<li>Batteria al gel da 110 Ah<\/li>\n<li>Prese da 230 V e 12 V nel vano di carico<\/li>\n<li>Display a colori con funzione Bluetooth per il monitoraggio della batteria e del serbatoio<\/li>\n<li>2 luci a LED per il vano di carico e la zona esterna<\/li>\n<\/ul>\n<\/div><\/div><\/div><\/div>\n\n<div class=\"et_pb_blurb_12 et_pb_blurb et_pb_bg_layout_light et_pb_blurb_position_left et_pb_module et_flex_module preset--module--divi-blurb--kopl4u1qn7\"><div class=\"et_pb_blurb_content et_flex_module\"><div class=\"et_pb_main_blurb_image\"><span class=\"et_pb_image_wrap\"><span class=\"et-pb-icon\">\uf2e7<\/span><\/span><\/div><div class=\"et_pb_blurb_container\"><h4 class=\"et_pb_module_header\">Cucina<\/h4><div class=\"et_pb_blurb_description\"><ul>\n<li>Completamente estraibile con effetto legno e capacit\u00e0 di carico di 250 kg<\/li>\n<li>Piano cottura a 2 fuochi a GAS (1x 1,5 kW, 1x 2,4 kW)<\/li>\n<li>Grande lavello smaltato nero<\/li>\n<li>Frigorifero a compressore da 63 litri con congelatore<\/li>\n<\/ul>\n<\/div><\/div><\/div><\/div>\n\n<div class=\"et_pb_blurb_13 et_pb_blurb et_pb_bg_layout_light et_pb_blurb_position_left et_pb_module et_flex_module preset--module--divi-blurb--kopl4u1qn7\"><div class=\"et_pb_blurb_content et_flex_module\"><div class=\"et_pb_main_blurb_image\"><span class=\"et_pb_image_wrap\"><span class=\"et-pb-icon\">\ue005<\/span><\/span><\/div><div class=\"et_pb_blurb_container\"><h4 class=\"et_pb_module_header\">Acqua<\/h4><div class=\"et_pb_blurb_description\"><ul>\n<li>Serbatoio acque chiare da 60 litri<\/li>\n<li>Serbatoio acque grigie da 20 litri<\/li>\n<\/ul>\n<\/div><\/div><\/div><\/div>\n\n<div class=\"et_pb_blurb_14 et_pb_blurb et_pb_bg_layout_light et_pb_blurb_position_left et_pb_module et_flex_module preset--module--divi-blurb--kopl4u1qn7\"><div class=\"et_pb_blurb_content et_flex_module\"><div class=\"et_pb_main_blurb_image\"><span class=\"et_pb_image_wrap\"><span class=\"et-pb-icon\">\uf5aa<\/span><\/span><\/div><div class=\"et_pb_blurb_container\"><h4 class=\"et_pb_module_header\">Lackierung<\/h4><div class=\"et_pb_blurb_description\"><ul>\n<li>Pannelli in PRFV: Verniciatura in colore RAL a scelta (colori speciali su richiesta)<\/li>\n<li>Telaio: verniciato a polvere e rivestito in KTL<\/li>\n<\/ul>\n<\/div><\/div><\/div><\/div>\n\n<div class=\"et_pb_blurb_15 et_pb_blurb et_pb_bg_layout_light et_pb_blurb_position_left et_pb_module et_flex_module preset--module--divi-blurb--kopl4u1qn7\"><div class=\"et_pb_blurb_content et_flex_module\"><div class=\"et_pb_main_blurb_image\"><span class=\"et_pb_image_wrap\"><span class=\"et-pb-icon\">\uf61f<\/span><\/span><\/div><div class=\"et_pb_blurb_container\"><h4 class=\"et_pb_module_header\">Struttura e costruzione<\/h4><div class=\"et_pb_blurb_description\"><ul>\n<li>Corpo in pannelli isolati in PRFV in combinazione con alluminio e acciaio<\/li>\n<li>Massima stabilit\u00e0 con un peso ridotto<\/li>\n<li>Telaio saldato, verniciato a polvere e con rivestimento KTL<\/li>\n<li>Mancorrenti sul tetto in alluminio per varie opzioni di montaggio<\/li>\n<li>Elevata altezza da terra fino a 32 cm (a seconda degli pneumatici) e angolo di attacco ottimale<\/li>\n<\/ul>\n<\/div><\/div><\/div><\/div>\n\n<div class=\"et_pb_blurb_16 et_pb_blurb et_pb_bg_layout_light et_pb_blurb_position_left et_pb_module et_flex_module preset--module--divi-blurb--kopl4u1qn7\"><div class=\"et_pb_blurb_content et_flex_module\"><div class=\"et_pb_main_blurb_image\"><span class=\"et_pb_image_wrap\"><span class=\"et-pb-icon\">\uf256<\/span><\/span><\/div><div class=\"et_pb_blurb_container\"><h4 class=\"et_pb_module_header\">Freno d&#8217;inerzia<\/h4><div class=\"et_pb_blurb_description\"><ul>\n<li>Su tutte e 4 le ruote con \u201cR\u00fcckmatik\u201d di serie<\/li>\n<\/ul>\n<\/div><\/div><\/div><\/div>\n\n<div class=\"et_pb_blurb_17 et_pb_blurb et_pb_bg_layout_light et_pb_blurb_position_left et_pb_module et_flex_module preset--module--divi-blurb--kopl4u1qn7\"><div class=\"et_pb_blurb_content et_flex_module\"><div class=\"et_pb_main_blurb_image\"><span class=\"et_pb_image_wrap\"><span class=\"et-pb-icon\">\ue072<\/span><\/span><\/div><div class=\"et_pb_blurb_container\"><h4 class=\"et_pb_module_header\">Illuminazione<\/h4><div class=\"et_pb_blurb_description\"><ul>\n<li>Unit\u00e0 di illuminazione a LED integrata nella parte posteriore affusolata<strong><\/strong><\/li>\n<\/ul>\n<\/div><\/div><\/div><\/div>\n\n<div class=\"et_pb_blurb_18 et_pb_blurb et_pb_bg_layout_light et_pb_blurb_position_left et_pb_module et_flex_module preset--module--divi-blurb--kopl4u1qn7\"><div class=\"et_pb_blurb_content et_flex_module\"><div class=\"et_pb_main_blurb_image\"><span class=\"et_pb_image_wrap\"><span class=\"et-pb-icon\">\ue058<\/span><\/span><\/div><div class=\"et_pb_blurb_container\"><h4 class=\"et_pb_module_header\">Omologazione<\/h4><div class=\"et_pb_blurb_description\"><ul>\n<li>Documenti COC per l&#8217;omologazione a livello europeo<\/li>\n<\/ul>\n<\/div><\/div><\/div><\/div>\n<\/div><\/div>\n\n<div class=\"et_pb_toggle_2 et_pb_toggle et_pb_toggle_item et_pb_toggle_close et_pb_module et_flex_module preset--module--divi-toggle--61je26rhfl\"><h5 class=\"et_pb_toggle_title\">Zubeh\u00f6r<\/h5><div class=\"et_pb_toggle_content clearfix et_flex_module\"><div class=\"et_pb_tabs_0 et_pb_tabs et_pb_module preset--module--divi-tabs--default\"><ul class=\"et_pb_tabs_controls clearfix\"><li class=\"et_pb_tab_nav_item_0 et_pb_tab_nav_item et_pb_tab_0 et_pb_tab_active\"><a class=\"et_pb_tab_nav_item_link\" href=\"#\">Schlafen<\/a><\/li><li class=\"et_pb_tab_nav_item_1 et_pb_tab_nav_item et_pb_tab_1\"><a class=\"et_pb_tab_nav_item_link\" href=\"#\">Innenraum &#038; Stauraum<\/a><\/li><li class=\"et_pb_tab_nav_item_2 et_pb_tab_nav_item et_pb_tab_2\"><a class=\"et_pb_tab_nav_item_link\" href=\"#\">Markise<\/a><\/li><li class=\"et_pb_tab_nav_item_3 et_pb_tab_nav_item et_pb_tab_3\"><a class=\"et_pb_tab_nav_item_link\" href=\"#\">K\u00fcche<\/a><\/li><li class=\"et_pb_tab_nav_item_4 et_pb_tab_nav_item et_pb_tab_4\"><a class=\"et_pb_tab_nav_item_link\" href=\"#\">Bad<\/a><\/li><li class=\"et_pb_tab_nav_item_5 et_pb_tab_nav_item et_pb_tab_5\"><a class=\"et_pb_tab_nav_item_link\" href=\"#\">Elektronik<\/a><\/li><li class=\"et_pb_tab_nav_item_6 et_pb_tab_nav_item et_pb_tab_6\"><a class=\"et_pb_tab_nav_item_link\" href=\"#\">Sonstiges<\/a><\/li><\/ul><div class=\"et_pb_all_tabs\"><div class=\"et_pb_tab_0 et_pb_tab clearfix et_pb_active_content et_pb_module et_flex_module\"><div class=\"et_pb_tab_content et_flex_module\"><div class=\"et_pb_accordion_0 et_pb_accordion et_pb_module et_flex_module preset--module--divi-accordion--ga2ytywypo\"><div class=\"et_pb_accordion_item_0 et_pb_accordion_item et_pb_toggle et_pb_module et_pb_toggle_open et_flex_module preset--module--divi-accordion-item--ga2ytywypo preset--module--divi-accordion-item--c1p8kvjizh\"><h5 class=\"et_pb_toggle_title\">AIRTOP 360\u00b0 Black Storm<\/h5><div class=\"et_pb_toggle_content et_flex_module\"><p>Das AIRTOP 360\u00b0 Black Storm \u00f6ffnet sich dank 4 kraftvoller Gasdruckfedern nach dem einfachen L\u00f6sen der Sicherungsbolzen vollautomatisch in wenigen Sekunden. Mit 6 Fenstern und 2 Fenstert\u00fcren verf\u00fcgt es \u00fcber insgesamt 8 individuell verstellbare \u00d6ffnungen, die durch feine Moskitonetze zuverl\u00e4ssig vor Insekten sch\u00fctzen.<\/p>\n<p>Die Liegefl\u00e4che (210 x 160 cm) ist mit einer komfortablen Matratze ausgestattet und bietet Platz f\u00fcr bis zu 3 Personen.<\/p>\n<p>Eine h\u00f6henverstellbare Aluminiumleiter mit automatischer Sicherheitsverriegelung ist inklusive.<\/p>\n<p><img loading=\"lazy\" decoding=\"async\" src=\"https:\/\/blackcamp.it\/wp-content\/uploads\/2024\/07\/Authome-Airtop-black_1920x1080-300x169.png\" width=\"300\" height=\"169\" alt=\"Authome Airtop black\" class=\"wp-image-233907 alignnone size-medium\" \/><\/p>\n<\/div><\/div><div class=\"et_pb_accordion_item_1 et_pb_accordion_item et_pb_toggle et_pb_module et_pb_toggle_close et_flex_module preset--module--divi-accordion-item--ga2ytywypo preset--module--divi-accordion-item--c1p8kvjizh\"><h5 class=\"et_pb_toggle_title\">AIR-SKY 360\u00b0 Black Storm mit Panorama-Dachfenster<\/h5><div class=\"et_pb_toggle_content et_flex_module\"><p>Das AIR-SKY \u00f6ffnet sich m\u00fchelos per Kurbel und begeistert mit einem 70 x 60 cm gro\u00dfen Panorama-Dachfenster: Es bietet freie Sicht in den Sternenhimmel, l\u00e4sst sich um 90\u00b0 zum Stehen und Herausschauen \u00f6ffnen und sorgt dank Kamin-Effekt f\u00fcr ein kondenswasserfreies Raumklima.<\/p>\n<p>Insgesamt 8 verstellbare \u00d6ffnungen inklusive 360\u00b0-Rundumblick sind durch dichte, verdunkelnde Moskitonetze vor Insekten und Blicken gesch\u00fctzt. Die 210 x 160 cm gro\u00dfe Liegefl\u00e4che mit komfortabler Matratze bietet Platz f\u00fcr bis zu 3 Personen.<\/p>\n<p>Eine h\u00f6henverstellbare Aluminiumleiter mit automatischer Sicherheitsverriegelung ist inklusive.<\/p>\n<p><img loading=\"lazy\" decoding=\"async\" src=\"https:\/\/blackcamp.it\/wp-content\/uploads\/2024\/07\/Authome-Airsky_1920x1080-300x169.png\" width=\"300\" height=\"169\" alt=\"Authome Airsky\" class=\"wp-image-233906 alignnone size-medium\" \/><\/p>\n<\/div><\/div><div class=\"et_pb_accordion_item_3 et_pb_accordion_item et_pb_toggle et_pb_module et_pb_toggle_close et_flex_module preset--module--divi-accordion-item--ga2ytywypo preset--module--divi-accordion-item--c1p8kvjizh\"><h5 class=\"et_pb_toggle_title\">Wing f\u00fcr Dachzelt<\/h5><div class=\"et_pb_toggle_content et_flex_module\"><p>Mit einer Breite von 160 cm und einem \u00dcberhang von 85 cm bietet dieser Wing zus\u00e4tzlichen Schutz im Eingangsbereich bei Regen. Einfach zu bedienen, sehr praktisch und daher bei vielen Outdoor-Fans beliebt. Hergestellt aus Airtex\u00ae-Gewebe mit einer winddichten Struktur aus Aluminium und Stahl, nimmt es nur wenig Platz ein. Ausgestattet mit Haken zum Aufh\u00e4ngen von Schuhen.<\/p>\n<p><img loading=\"lazy\" decoding=\"async\" src=\"https:\/\/blackcamp.it\/wp-content\/uploads\/2024\/07\/Wings-for-Airtop-Tents_1920x1080-300x169.png\" width=\"300\" height=\"169\" alt=\"Wings for Airtop\" class=\"wp-image-233911 alignnone size-medium\" \/>\u00a0<\/p>\n<\/div><\/div><div class=\"et_pb_accordion_item_4 et_pb_accordion_item et_pb_toggle et_pb_module et_pb_toggle_close et_flex_module preset--module--divi-accordion-item--ga2ytywypo preset--module--divi-accordion-item--c1p8kvjizh\"><h5 class=\"et_pb_toggle_title\">Vorzelt\/Umkleidekabine<\/h5><div class=\"et_pb_toggle_content et_flex_module\"><p>Diese Umkleidekabine bietet einen zus\u00e4tzlichen, komfortablen und vor neugierigen Blicken gesch\u00fctzten Raum. Sie ist einfach zu montieren und l\u00e4sst sich mit drei Teleskopstangen aus Aluminium perfekt in das Dachzelt integrieren. Sie ist an allen vier Seiten verschlie\u00dfbar und verf\u00fcgt \u00fcber ein Fenster mit Moskitonetz und eine T\u00fcr mit gebogenem Rei\u00dfverschluss f\u00fcr verstellbare \u00d6ffnungen. Ideal zum Umkleiden und Lagern der Ausr\u00fcstung w\u00e4hrend der Pausen oder \u00dcbernachtungen.<\/p>\n<p><img loading=\"lazy\" decoding=\"async\" src=\"https:\/\/blackcamp.it\/wp-content\/uploads\/2024\/07\/Awning-tent_1920_1080-800x450.png\" width=\"800\" height=\"450\" alt=\"\" class=\"wp-image-236962 alignnone size-medium\" \/><\/p>\n<\/div><\/div><div class=\"et_pb_accordion_item_5 et_pb_accordion_item et_pb_toggle et_pb_module et_pb_toggle_close et_flex_module preset--module--divi-accordion-item--ga2ytywypo preset--module--divi-accordion-item--c1p8kvjizh\"><h5 class=\"et_pb_toggle_title\">Thermohaube<\/h5><div class=\"et_pb_toggle_content et_flex_module\"><p>Hergestellt aus nylonfaserverst\u00e4rktem Harz mit Aluminiumpulver, wird sie in feuchter Umgebung eingesetzt und bietet zus\u00e4tzlichen Schutz vor Wind und K\u00e4lte. Es ist ein n\u00fctzliches Zubeh\u00f6r f\u00fcr Reisen in k\u00e4ltere Regionen oder im Winter und kann mit einem Klettverschluss im Handumdrehen befestigt werden.<\/p>\n<p><img loading=\"lazy\" decoding=\"async\" src=\"https:\/\/blackcamp.it\/wp-content\/uploads\/2024\/07\/Thermal-bonnet-cover_1920x1080-300x169.png\" width=\"300\" height=\"169\" alt=\"Thermal bonnet\" class=\"wp-image-233912 alignnone size-medium\" \/><\/p>\n<\/div><\/div><div class=\"et_pb_accordion_item_6 et_pb_accordion_item et_pb_toggle et_pb_module et_pb_toggle_close et_flex_module preset--module--divi-accordion-item--ga2ytywypo preset--module--divi-accordion-item--c1p8kvjizh\"><h5 class=\"et_pb_toggle_title\">DRYWEAVE\u00ae-Mattenunterlage<\/h5><div class=\"et_pb_toggle_content et_flex_module\"><p>Bew\u00e4hrte Bel\u00fcftungstechnologie aus der Rucksack-Entwicklung: Das elastische 3D-Netzgewebe aus leichtem Polypropylen besteht zu \u00fcber 95% aus Luft und erm\u00f6glicht eine freie Luftzirkulation zwischen Untergrund und Matratze. Dadurch entweicht Feuchtigkeit nach allen Seiten und Kondenswasser wird effektiv verhindert. Trotz des geringen Eigengewichts (450 g\/m\u00b2) ist die Konstruktion extrem druckfest (1 Tonne\/m\u00b2).<\/p>\n<p><img loading=\"lazy\" decoding=\"async\" src=\"https:\/\/blackcamp.it\/wp-content\/uploads\/2024\/07\/Mattress-base_1920x1080-300x169.png\" width=\"300\" height=\"169\" alt=\"Mattress base\" class=\"wp-image-233901 alignnone size-medium\" \/><\/p>\n<\/div><\/div><div class=\"et_pb_accordion_item_7 et_pb_accordion_item et_pb_toggle et_pb_module et_pb_toggle_close et_flex_module preset--module--divi-accordion-item--ga2ytywypo preset--module--divi-accordion-item--c1p8kvjizh\"><h5 class=\"et_pb_toggle_title\">Roll-up-Pockets Universaltaschen<\/h5><div class=\"et_pb_toggle_content et_flex_module\"><p>Unsere praktischen Universaltaschen lassen sich einfach an der Leiter befestigen und mit Klettverschluss verschlie\u00dfen. Sie sind wasserdicht und leicht zu platzieren. Darin lassen sich Hausschuhe, Schuhe, Campingzubeh\u00f6r oder pers\u00f6nliche Gegenst\u00e4nde sicher verstauen.<\/p>\n<p><img loading=\"lazy\" decoding=\"async\" src=\"https:\/\/blackcamp.it\/wp-content\/uploads\/2024\/07\/Universal-Pocket_1920x1080-300x169.png\" width=\"300\" height=\"169\" alt=\"Universal Pocket\" class=\"wp-image-233903 alignnone size-medium\" \/><\/p>\n<\/div><\/div><div class=\"et_pb_accordion_item_8 et_pb_accordion_item et_pb_toggle et_pb_module et_pb_toggle_close et_flex_module preset--module--divi-accordion-item--ga2ytywypo preset--module--divi-accordion-item--c1p8kvjizh\"><h5 class=\"et_pb_toggle_title\">Dieselstandheizung mit Funksteuerung<\/h5><div class=\"et_pb_toggle_content et_flex_module\"><p>Die Diesel-Standheizung ist praktisch in einer Box untergebracht und kann an kalten Tagen einfach im Campinganh\u00e4nger verstaut werden. Die Warmluft wird \u00fcber einen Schlauch in das Dachzelt geleitet. Im Sommer kann sie einfach herausgenommen werden und nimmt so keinen Stauraum weg.<\/p>\n<p><img loading=\"lazy\" decoding=\"async\" src=\"https:\/\/blackcamp.it\/wp-content\/uploads\/2024\/07\/Parking-heater_1920_1080-800x450.png\" width=\"800\" height=\"450\" alt=\"\" class=\"wp-image-236966 alignnone size-medium\" \/><\/p>\n<\/div><\/div><div class=\"et_pb_accordion_item_9 et_pb_accordion_item et_pb_toggle et_pb_module et_pb_toggle_close et_flex_module preset--module--divi-accordion-item--ga2ytywypo preset--module--divi-accordion-item--c1p8kvjizh\"><h5 class=\"et_pb_toggle_title\">Mechanisches Hubbett<\/h5><div class=\"et_pb_toggle_content et_flex_module\"><p>Maximale Raumnutzung auf Reisen: Das Innenraum-Hubbett l\u00e4sst sich mit wenigen Handgriffen per Kurbel nach oben fahren, sodass der Laderaum w\u00e4hrend der Fahrt voll nutzbar bleibt.<\/p>\n<p>Ausgestattet mit einer bequemen Matratze bietet es beim Modell FREEda eine Liegefl\u00e4che von 170 x 120 cm und beim Modell FREEda XL 195 x 120 cm. Geliefert wird das Hubbett stets in Kombination mit einem Ausstellfenster inklusive Moskitonetz und Verdunkelung. Die gro\u00dfe Heckt\u00fcr bleibt von innen sicher abschlie\u00dfbar.<\/p>\n<p><img loading=\"lazy\" decoding=\"async\" src=\"https:\/\/blackcamp.it\/wp-content\/uploads\/2024\/07\/Lifting-bed_1920x1080-1-300x169.jpg\" width=\"300\" height=\"169\" alt=\"Lifting bed BLACKCAMP FREEda\" class=\"wp-image-234631 alignnone size-medium\" \/><\/p>\n<\/div><\/div><div class=\"et_pb_accordion_item_10 et_pb_accordion_item et_pb_toggle et_pb_module et_pb_toggle_close et_flex_module preset--module--divi-accordion-item--ga2ytywypo preset--module--divi-accordion-item--c1p8kvjizh\"><h5 class=\"et_pb_toggle_title\">Bett im Innenraum<\/h5><div class=\"et_pb_toggle_content et_flex_module\"><p>Das Innenbett verwandelt den Minicaravan in einen wettergesch\u00fctzten Schlafplatz f\u00fcr zwei Personen. Es bietet beim Modell FREEda eine Liegefl\u00e4che von 170 x 120 cm und beim Modell FREEda XL 195 x 120 cm.<\/p>\n<p>Das seitliche Fenster sorgt f\u00fcr angenehmes Tageslicht und frische Luft \u2013 die ideale L\u00f6sung f\u00fcr alle, die auch bei schlechtem Wetter maximalen Schlafkomfort suchen.<\/p>\n<\/div><\/div><\/div><\/div><\/div><div class=\"et_pb_tab_1 et_pb_tab clearfix et_pb_module et_flex_module\"><div class=\"et_pb_tab_content et_flex_module\"><div class=\"et_pb_accordion_1 et_pb_accordion et_pb_module et_flex_module preset--module--divi-accordion--ga2ytywypo\"><div class=\"et_pb_accordion_item_11 et_pb_accordion_item et_pb_toggle et_pb_module et_pb_toggle_open et_flex_module preset--module--divi-accordion-item--ga2ytywypo preset--module--divi-accordion-item--c1p8kvjizh\"><h5 class=\"et_pb_toggle_title\">Vollauszug<\/h5><div class=\"et_pb_toggle_content et_flex_module\"><p>Unser Vollauszug \u00fcberzeugt mit einer beeindruckenden Tragkraft von 250 kg und macht Transporte zum Kinderspiel. Er ist vielseitig einsetzbar und eignet sich f\u00fcr die unterschiedlichsten Transportanforderungen.<\/p>\n<p><img loading=\"lazy\" decoding=\"async\" src=\"https:\/\/blackcamp.it\/wp-content\/uploads\/2024\/07\/Full-extension-runner_2_1920_1080-300x169.jpg\" width=\"300\" height=\"169\" alt=\"\" class=\"wp-image-234233 alignnone size-medium\" \/><\/p>\n<\/div><\/div><div class=\"et_pb_accordion_item_12 et_pb_accordion_item et_pb_toggle et_pb_module et_pb_toggle_close et_flex_module preset--module--divi-accordion-item--ga2ytywypo preset--module--divi-accordion-item--c1p8kvjizh\"><h5 class=\"et_pb_toggle_title\">Fahrrad-Kit<\/h5><div class=\"et_pb_toggle_content et_flex_module\"><p>Mit dem speziell entwickelten Bike-Auszug k\u00f6nnen bis zu 4 Fahrr\u00e4der sicher in der ger\u00e4umigen Garage verstaut und auf die n\u00e4chste Reise mitgenommen werden. Zudem sind sie sicher und zuverl\u00e4ssig vor Diebstahl gesch\u00fctzt. Das Bike-Kit besteht aus einem Vollauszug mit einer Tragkraft von 250 kg, 2 Fahrradhaltern und 2 Helmhaltern.<\/p>\n<p><img loading=\"lazy\" decoding=\"async\" src=\"https:\/\/blackcamp.it\/wp-content\/uploads\/2024\/07\/Bike-Kit_2_1920x1080-300x169.jpg\" width=\"300\" height=\"169\" alt=\"\" class=\"wp-image-234180 alignnone size-medium\" \/><\/p>\n<\/div><\/div><div class=\"et_pb_accordion_item_13 et_pb_accordion_item et_pb_toggle et_pb_module et_pb_toggle_close et_flex_module preset--module--divi-accordion-item--ga2ytywypo preset--module--divi-accordion-item--c1p8kvjizh\"><h5 class=\"et_pb_toggle_title\">Helmhalterungen<\/h5><div class=\"et_pb_toggle_content et_flex_module\"><p>Ob Kletter- oder Fahrradhelm &#8211; mit diesen praktischen Halterungen sind Helme immer am richtigen Platz.<\/p>\n<p><img loading=\"lazy\" decoding=\"async\" src=\"https:\/\/blackcamp.it\/wp-content\/uploads\/2024\/07\/Helmet-holder_1920x1080-300x169.png\" width=\"300\" height=\"169\" alt=\"Helmet holder\" class=\"wp-image-233934 alignnone size-medium\" \/><\/p>\n<\/div><\/div><div class=\"et_pb_accordion_item_14 et_pb_accordion_item et_pb_toggle et_pb_module et_pb_toggle_close et_flex_module preset--module--divi-accordion-item--ga2ytywypo preset--module--divi-accordion-item--c1p8kvjizh\"><h5 class=\"et_pb_toggle_title\">Bikehalter<\/h5><div class=\"et_pb_toggle_content et_flex_module\"><p>Fahrradhalter f\u00fcr Steckachsen. Erh\u00e4ltlich f\u00fcr 15x110mm, 15x100mm, 12x100mm, 20x110mm sowie f\u00fcr Schnellspanner.<\/p>\n<p><img loading=\"lazy\" decoding=\"async\" src=\"https:\/\/blackcamp.it\/wp-content\/uploads\/2024\/07\/Bike-holder-2pcs_1920x1080-300x169.png\" width=\"300\" height=\"169\" alt=\"Bike holder\" class=\"wp-image-233940 alignnone size-medium\" \/><\/p>\n<\/div><\/div><\/div><\/div><\/div><div class=\"et_pb_tab_2 et_pb_tab clearfix et_pb_module et_flex_module\"><div class=\"et_pb_tab_content et_flex_module\"><div class=\"et_pb_accordion_2 et_pb_accordion et_pb_module et_flex_module preset--module--divi-accordion--ga2ytywypo\"><div class=\"et_pb_accordion_item_16 et_pb_accordion_item et_pb_toggle et_pb_module et_pb_toggle_open et_flex_module preset--module--divi-accordion-item--ga2ytywypo preset--module--divi-accordion-item--c1p8kvjizh\"><h5 class=\"et_pb_toggle_title\">Markise Fiamma F35Pro<\/h5><div class=\"et_pb_toggle_content et_flex_module\"><p>Die Fiamma F35Pro bietet zuverl\u00e4ssigen Schutz vor Sonne und Regen. Die leichte Markise l\u00e4sst sich schnell und einfach montieren und bietet auf einer Fl\u00e4che von 5,2 m\u00b2 (Auszug 225 cm) umfassenden Wetterschutz. Mit wenigen Handgriffen l\u00e4sst sich die Markise bequem ausfahren.<\/p>\n<p><img loading=\"lazy\" decoding=\"async\" src=\"https:\/\/blackcamp.it\/wp-content\/uploads\/2024\/07\/Awning-Fiamma-F35-Pro_2_1920x1080-300x169.jpg\" width=\"300\" height=\"169\" alt=\"\" class=\"wp-image-234174 alignnone size-medium\" \/><\/p>\n<\/div><\/div><div class=\"et_pb_accordion_item_17 et_pb_accordion_item et_pb_toggle et_pb_module et_pb_toggle_close et_flex_module preset--module--divi-accordion-item--ga2ytywypo preset--module--divi-accordion-item--c1p8kvjizh\"><h5 class=\"et_pb_toggle_title\">Seitenw\u00e4nde f\u00fcr Markise Fiamma F35Pro mit Fenstern<\/h5><div class=\"et_pb_toggle_content et_flex_module\"><p>Die Seitenw\u00e4nde f\u00fcr die Markise F35PRO bieten hervorragenden Wetterschutz und zus\u00e4tzlichen Sichtschutz. Die Seitenw\u00e4nde bestehen aus robusten Materialien und lassen sich schnell und einfach montieren.<\/p>\n<p><img loading=\"lazy\" decoding=\"async\" src=\"https:\/\/blackcamp.it\/wp-content\/uploads\/2024\/07\/Side-panels-awning-Fiamma-F35Pro_1920x1080-300x169.png\" width=\"300\" height=\"169\" alt=\"\" class=\"wp-image-234116 alignnone size-medium\" \/><\/p>\n<\/div><\/div><div class=\"et_pb_accordion_item_18 et_pb_accordion_item et_pb_toggle et_pb_module et_pb_toggle_close et_flex_module preset--module--divi-accordion-item--ga2ytywypo preset--module--divi-accordion-item--c1p8kvjizh\"><h5 class=\"et_pb_toggle_title\">Markise Bushwakka 270\u00b0 mit integrierter Au\u00dfenbeleuchtung<\/h5><div class=\"et_pb_toggle_content et_flex_module\"><p>Die 270\u00b0 Markise von Bushwakka bietet auf einer Fl\u00e4che von 13,5 m\u00b2 Schutz vor Sonne und Regen (wasserabweisend, nicht wasserdicht). Besonders vorteilhaft: Auch der Laderaum sowie der Vollauszug im Heck werden von der Markise \u00fcberdacht. Die Markise wird inklusive drei LED-Leuchten und drei Abspannstangen geliefert. Mit wenigen Handgriffen ist die Markise wie ein F\u00e4cher aufgespannt. Weitere Informationen zur Bushwakka-Markise findest du in der Kaufanleitung von Bushwakka.<\/p>\n<p>Weitere Informationen zur Bushwakka-Markise findest du im <a href=\"https:\/\/blackcamp.it\/wp-content\/uploads\/2024\/09\/BUSHWAKKA_Awning_Guide_EN.pdf\" target=\"_blank\" rel=\"noopener\">Bushwakka-Kaufratgeber<\/a>.<\/p>\n<p><img loading=\"lazy\" decoding=\"async\" src=\"https:\/\/blackcamp.it\/wp-content\/uploads\/2024\/07\/Awning-270\u00b0-Bushwakka_2_1920x1080-300x169.jpg\" width=\"300\" height=\"169\" alt=\"\" class=\"wp-image-234179 alignnone size-medium\" srcset=\"https:\/\/blackcamp.it\/wp-content\/uploads\/2024\/07\/Awning-270\u00b0-Bushwakka_2_1920x1080-300x169.jpg 300w, https:\/\/blackcamp.it\/wp-content\/uploads\/2024\/07\/Awning-270\u00b0-Bushwakka_2_1920x1080-600x338.jpg 600w, https:\/\/blackcamp.it\/wp-content\/uploads\/2024\/07\/Awning-270\u00b0-Bushwakka_2_1920x1080-1024x576.jpg 1024w, https:\/\/blackcamp.it\/wp-content\/uploads\/2024\/07\/Awning-270\u00b0-Bushwakka_2_1920x1080-768x432.jpg 768w, https:\/\/blackcamp.it\/wp-content\/uploads\/2024\/07\/Awning-270\u00b0-Bushwakka_2_1920x1080-1536x864.jpg 1536w, https:\/\/blackcamp.it\/wp-content\/uploads\/2024\/07\/Awning-270\u00b0-Bushwakka_2_1920x1080-1080x608.jpg 1080w, https:\/\/blackcamp.it\/wp-content\/uploads\/2024\/07\/Awning-270\u00b0-Bushwakka_2_1920x1080-1280x720.jpg 1280w, https:\/\/blackcamp.it\/wp-content\/uploads\/2024\/07\/Awning-270\u00b0-Bushwakka_2_1920x1080-980x551.jpg 980w, https:\/\/blackcamp.it\/wp-content\/uploads\/2024\/07\/Awning-270\u00b0-Bushwakka_2_1920x1080-480x270.jpg 480w, https:\/\/blackcamp.it\/wp-content\/uploads\/2024\/07\/Awning-270\u00b0-Bushwakka_2_1920x1080.jpg 1920w\" sizes=\"(max-width: 300px) 100vw, 300px\" \/><\/p>\n<\/div><\/div><div class=\"et_pb_accordion_item_19 et_pb_accordion_item et_pb_toggle et_pb_module et_pb_toggle_close et_flex_module preset--module--divi-accordion-item--ga2ytywypo preset--module--divi-accordion-item--c1p8kvjizh\"><h5 class=\"et_pb_toggle_title\">Seitenw\u00e4nde f\u00fcr Markise Bushwakka 270\u00b0 mit Fenstern<\/h5><div class=\"et_pb_toggle_content et_flex_module\"><p>Die Seitenteile der 270\u00b0-Markise Bushwakka schaffen auf einer Fl\u00e4che von 13,5 m\u00b2 einen Innenraum. Hier ist man vor Wind und Regen gesch\u00fctzt.<\/p>\n<p>Die Seitenteile sind in mehrere Teile unterteilt und werden einfach mit Klettverschluss an der Markise befestigt:<\/p>\n<ul>\n<li>1x Fensterwand<\/li>\n<li>1x Fenster- und T\u00fcrverkleidung<\/li>\n<li>1x stabile Wandverkleidung (auch einzeln als Trennwand verwendbar)<\/li>\n<\/ul>\n<p>Weitere Informationen zur Bushwakka-Markise findest du im <a href=\"https:\/\/blackcamp.it\/wp-content\/uploads\/2024\/09\/BUSHWAKKA_Awning_Guide_EN.pdf\" target=\"_blank\" rel=\"noopener\">Bushwakka-Kaufratgeber<\/a>.<\/p>\n<p><img loading=\"lazy\" decoding=\"async\" src=\"https:\/\/blackcamp.it\/wp-content\/uploads\/2024\/07\/Side-panels-awning-270\u00b0-Bushwakka_2_1920x1080-300x169.jpg\" width=\"300\" height=\"169\" alt=\"\" class=\"wp-image-234176 alignnone size-medium\" srcset=\"https:\/\/blackcamp.it\/wp-content\/uploads\/2024\/07\/Side-panels-awning-270\u00b0-Bushwakka_2_1920x1080-300x169.jpg 300w, https:\/\/blackcamp.it\/wp-content\/uploads\/2024\/07\/Side-panels-awning-270\u00b0-Bushwakka_2_1920x1080-600x338.jpg 600w, https:\/\/blackcamp.it\/wp-content\/uploads\/2024\/07\/Side-panels-awning-270\u00b0-Bushwakka_2_1920x1080-1024x576.jpg 1024w, https:\/\/blackcamp.it\/wp-content\/uploads\/2024\/07\/Side-panels-awning-270\u00b0-Bushwakka_2_1920x1080-768x432.jpg 768w, https:\/\/blackcamp.it\/wp-content\/uploads\/2024\/07\/Side-panels-awning-270\u00b0-Bushwakka_2_1920x1080-1536x864.jpg 1536w, https:\/\/blackcamp.it\/wp-content\/uploads\/2024\/07\/Side-panels-awning-270\u00b0-Bushwakka_2_1920x1080-1080x608.jpg 1080w, https:\/\/blackcamp.it\/wp-content\/uploads\/2024\/07\/Side-panels-awning-270\u00b0-Bushwakka_2_1920x1080-1280x720.jpg 1280w, https:\/\/blackcamp.it\/wp-content\/uploads\/2024\/07\/Side-panels-awning-270\u00b0-Bushwakka_2_1920x1080-980x551.jpg 980w, https:\/\/blackcamp.it\/wp-content\/uploads\/2024\/07\/Side-panels-awning-270\u00b0-Bushwakka_2_1920x1080-480x270.jpg 480w, https:\/\/blackcamp.it\/wp-content\/uploads\/2024\/07\/Side-panels-awning-270\u00b0-Bushwakka_2_1920x1080.jpg 1920w\" sizes=\"(max-width: 300px) 100vw, 300px\" \/><\/p>\n<\/div><\/div><\/div><\/div><\/div><div class=\"et_pb_tab_3 et_pb_tab clearfix et_pb_module et_flex_module\"><div class=\"et_pb_tab_content et_flex_module\"><div class=\"et_pb_accordion_3 et_pb_accordion et_pb_module et_flex_module preset--module--divi-accordion--ga2ytywypo\"><div class=\"et_pb_accordion_item_20 et_pb_accordion_item et_pb_toggle et_pb_module et_pb_toggle_open et_flex_module preset--module--divi-accordion-item--ga2ytywypo preset--module--divi-accordion-item--c1p8kvjizh\"><h5 class=\"et_pb_toggle_title\">Seitenm\u00f6bel mit Schr\u00e4nken &#038; Schubladen<\/h5><div class=\"et_pb_toggle_content et_flex_module\"><p>Ordnung und Struktur auf kleinstem Raum: Das durchdachte Seitenm\u00f6bel ist mit 2 ger\u00e4umigen Schr\u00e4nken und 3 praktischen Schubladen ausgestattet. Gefertigt in meisterhafter Schreinerqualit\u00e4t, bietet es den perfekten Platz f\u00fcr Kochutensilien, Vorr\u00e4te und Equipment \u2013 alles griffbereit und sicher verstaut.<\/p>\n<p><img loading=\"lazy\" decoding=\"async\" src=\"https:\/\/blackcamp.it\/wp-content\/uploads\/2024\/07\/Side-cabinet-and-drawers_1920x1080-300x169.jpg\" width=\"300\" height=\"169\" alt=\"Side cabinet and drawers\" class=\"wp-image-233949 alignnone size-medium\" \/><\/p>\n<\/div><\/div><div class=\"et_pb_accordion_item_21 et_pb_accordion_item et_pb_toggle et_pb_module et_pb_toggle_close et_flex_module preset--module--divi-accordion-item--ga2ytywypo preset--module--divi-accordion-item--c1p8kvjizh\"><h5 class=\"et_pb_toggle_title\">Zus\u00e4tzliches Licht \u00fcber der K\u00fcche<\/h5><div class=\"et_pb_toggle_content et_flex_module\"><p>F\u00fcr ausreichend Licht beim Kochen deiner Lieblingsgerichte sorgt unsere zus\u00e4tzliche LED-Au\u00dfenbeleuchtung \u00fcber der K\u00fcchenzeile.<\/p>\n<p><img loading=\"lazy\" decoding=\"async\" src=\"https:\/\/blackcamp.it\/wp-content\/uploads\/2024\/07\/Kitchen-extra-light_1920x1080-300x169.jpg\" width=\"300\" height=\"169\" alt=\"Kitchen extra light\" class=\"wp-image-233952 alignnone size-medium\" \/><\/p>\n<\/div><\/div><div class=\"et_pb_accordion_item_22 et_pb_accordion_item et_pb_toggle et_pb_module et_pb_toggle_close et_flex_module preset--module--divi-accordion-item--ga2ytywypo preset--module--divi-accordion-item--c1p8kvjizh\"><h5 class=\"et_pb_toggle_title\">Filz-Abdeckung<\/h5><div class=\"et_pb_toggle_content et_flex_module\"><p>Das Filz-Kit umfasst Abdeckungen f\u00fcr das Kochfeld und die Sp\u00fcle sowie Filzeinlagen f\u00fcr die Seitenm\u00f6bel. Dadurch werden diese effektiv gesch\u00fctzt und bleiben sauber.<\/p>\n<p><span data-olk-copy-source=\"MessageBody\"><img loading=\"lazy\" decoding=\"async\" src=\"https:\/\/blackcamp.it\/wp-content\/uploads\/2024\/07\/Felt-cover_1920x1080-300x169.jpg\" width=\"300\" height=\"169\" alt=\"Felt cover\" class=\"wp-image-233950 alignnone size-medium\" \/><\/span><\/p>\n<\/div><\/div><div class=\"et_pb_accordion_item_23 et_pb_accordion_item et_pb_toggle et_pb_module et_pb_toggle_close et_flex_module preset--module--divi-accordion-item--ga2ytywypo preset--module--divi-accordion-item--c1p8kvjizh\"><h5 class=\"et_pb_toggle_title\">Feinkost-Magnetgl\u00e4ser<\/h5><div class=\"et_pb_toggle_content et_flex_module\"><p>Feinkost-Magnetgl\u00e4ser sind die ideale L\u00f6sung f\u00fcr eine stilvolle und platzsparende Aufbewahrung. Mit magnetischen B\u00f6den haften sie sicher an metallischen Oberfl\u00e4chen, wie K\u00fchlschr\u00e4nken oder Regalen. Perfekt f\u00fcr Gew\u00fcrze, Kr\u00e4uter und andere Feinkostprodukte, halten sie den Inhalt frisch und immer griffbereit.<\/p>\n<p><img loading=\"lazy\" decoding=\"async\" src=\"https:\/\/blackcamp.it\/wp-content\/uploads\/2025\/01\/Magnetic-Jars_1920x1080-800x450.png\" width=\"800\" height=\"450\" alt=\"\" class=\"wp-image-243747 alignnone size-medium\" \/><\/p>\n<\/div><\/div><div class=\"et_pb_accordion_item_24 et_pb_accordion_item et_pb_toggle et_pb_module et_pb_toggle_close et_flex_module preset--module--divi-accordion-item--ga2ytywypo preset--module--divi-accordion-item--c1p8kvjizh\"><h5 class=\"et_pb_toggle_title\">Magnetische Kunststoff-Weingl\u00e4ser<\/h5><div class=\"et_pb_toggle_content et_flex_module\"><p>Diese magnetischen Weingl\u00e4ser aus Kunststoff sind ideal f\u00fcr unterwegs. Sie bieten Stabilit\u00e4t und verhindern das Umfallen auch auf unebenem Untergrund. Perfekt f\u00fcr einen stilvollen Drink im Freien ohne Bruchgefahr.<\/p>\n<p><img loading=\"lazy\" decoding=\"async\" src=\"https:\/\/blackcamp.it\/wp-content\/uploads\/2024\/07\/Magnetic-plastic-wine-glasses_1920x1080-300x169.jpg\" width=\"300\" height=\"169\" alt=\"\" class=\"wp-image-234127 alignnone size-medium\" \/><\/p>\n<\/div><\/div><div class=\"et_pb_accordion_item_25 et_pb_accordion_item et_pb_toggle et_pb_module et_pb_toggle_close et_flex_module preset--module--divi-accordion-item--ga2ytywypo preset--module--divi-accordion-item--c1p8kvjizh\"><h5 class=\"et_pb_toggle_title\">Warmwasserfunktion f\u00fcr Dusche und Sp\u00fcle<\/h5><div class=\"et_pb_toggle_content et_flex_module\"><p>F\u00fcr alle, die zus\u00e4tzlichen Komfort sch\u00e4tzen und nicht auf warmes Wasser verzichten m\u00f6chten: Der eingebaute Boiler sorgt jederzeit zuverl\u00e4ssig f\u00fcr angenehme Wassertemperaturen \u2013 sowohl an der Outdoor-Dusche als auch in der K\u00fcchensp\u00fcle.<\/p>\n<p><img loading=\"lazy\" decoding=\"async\" src=\"https:\/\/blackcamp.it\/wp-content\/uploads\/2024\/07\/Hot-water-function_1920x1080-300x169.jpg\" width=\"300\" height=\"169\" alt=\"\" class=\"wp-image-234096 alignnone size-medium\" \/><\/p>\n<\/div><\/div><div class=\"et_pb_accordion_item_26 et_pb_accordion_item et_pb_toggle et_pb_module et_pb_toggle_close et_flex_module preset--module--divi-accordion-item--ga2ytywypo preset--module--divi-accordion-item--c1p8kvjizh\"><h5 class=\"et_pb_toggle_title\">Faltbare Feuerschale mit Filz-Tragetasche\u00a0<\/h5><div class=\"et_pb_toggle_content et_flex_module\"><p>Unsere faltbare BLACKCAMP-Feuerschale ist in wenigen Sekunden aufgebaut. Die Feuerschale wird mit einer Tragetasche aus Filz geliefert, die auch als Sitzunterlage verwendet werden kann.<\/p>\n<p><img loading=\"lazy\" decoding=\"async\" src=\"https:\/\/blackcamp.it\/wp-content\/uploads\/2024\/07\/Foldable-fire-bowl_1920x1080-300x169.jpg\" width=\"300\" height=\"169\" alt=\"\" class=\"wp-image-234126 alignnone size-medium\" \/><\/p>\n<\/div><\/div><\/div><\/div><\/div><div class=\"et_pb_tab_4 et_pb_tab clearfix et_pb_module et_flex_module\"><div class=\"et_pb_tab_content et_flex_module\"><div class=\"et_pb_accordion_4 et_pb_accordion et_pb_module et_flex_module preset--module--divi-accordion--ga2ytywypo\"><div class=\"et_pb_accordion_item_27 et_pb_accordion_item et_pb_toggle et_pb_module et_pb_toggle_open et_flex_module preset--module--divi-accordion-item--ga2ytywypo preset--module--divi-accordion-item--c1p8kvjizh\"><h5 class=\"et_pb_toggle_title\">Au\u00dfendusche<\/h5><div class=\"et_pb_toggle_content et_flex_module\"><p>Sandige F\u00fc\u00dfe, matschiges Equipment oder das salzige Gesicht nach dem Strandtag: Mit dem integrierten Duschschlauch bist du und deine Ausr\u00fcstung in wenigen Sekunden wieder sauber. Praktisch, schnell und direkt am Minicaravan einsatzbereit.<\/p>\n<p><img loading=\"lazy\" decoding=\"async\" src=\"https:\/\/blackcamp.it\/wp-content\/uploads\/2024\/07\/External-shower_1920x1080-300x169.jpg\" width=\"300\" height=\"169\" alt=\"\" class=\"wp-image-234083 alignnone size-medium\" \/><\/p>\n<\/div><\/div><div class=\"et_pb_accordion_item_28 et_pb_accordion_item et_pb_toggle et_pb_module et_pb_toggle_close et_flex_module preset--module--divi-accordion-item--ga2ytywypo preset--module--divi-accordion-item--c1p8kvjizh\"><h5 class=\"et_pb_toggle_title\">Duschzelt mit integriertem LED-Licht<\/h5><div class=\"et_pb_toggle_content et_flex_module\"><p>In wenigen Handgriffen aufgebaut, bietet das Duschzelt deinen pers\u00f6nlichen, gesch\u00fctzten Bereich direkt am Fahrzeug \u2013 ideal zum Duschen oder als praktische Umkleidekabine. Das integrierte LED-Licht sorgt auch nach Sonnenuntergang f\u00fcr optimale Helligkeit.<\/p>\n<p><img loading=\"lazy\" decoding=\"async\" src=\"https:\/\/blackcamp.it\/wp-content\/uploads\/2024\/07\/Shower-tent_1920x1080-300x169.jpg\" width=\"300\" height=\"169\" alt=\"\" class=\"wp-image-234085 alignnone size-medium\" \/><\/p>\n<\/div><\/div><div class=\"et_pb_accordion_item_29 et_pb_accordion_item et_pb_toggle et_pb_module et_pb_toggle_close et_flex_module preset--module--divi-accordion-item--ga2ytywypo preset--module--divi-accordion-item--c1p8kvjizh\"><h5 class=\"et_pb_toggle_title\">Warmwasserfunktion f\u00fcr Dusche und Sp\u00fcle<\/h5><div class=\"et_pb_toggle_content et_flex_module\"><p>F\u00fcr alle, die zus\u00e4tzlichen Komfort sch\u00e4tzen und nicht auf warmes Wasser verzichten m\u00f6chten: Der eingebaute Boiler sorgt jederzeit zuverl\u00e4ssig f\u00fcr angenehme Wassertemperaturen \u2013 sowohl an der Outdoor-Dusche als auch in der K\u00fcchensp\u00fcle.<\/p>\n<p><img loading=\"lazy\" decoding=\"async\" src=\"https:\/\/blackcamp.it\/wp-content\/uploads\/2024\/07\/Hot-water-function_1920x1080-300x169.jpg\" width=\"300\" height=\"169\" alt=\"\" class=\"wp-image-234096 alignnone size-medium\" \/><\/p>\n<p>\u00a0<\/p>\n<\/div><\/div><\/div><\/div><\/div><div class=\"et_pb_tab_5 et_pb_tab clearfix et_pb_module et_flex_module\"><div class=\"et_pb_tab_content et_flex_module\"><div class=\"et_pb_accordion_5 et_pb_accordion et_pb_module et_flex_module preset--module--divi-accordion--ga2ytywypo\"><div class=\"et_pb_accordion_item_30 et_pb_accordion_item et_pb_toggle et_pb_module et_pb_toggle_open et_flex_module preset--module--divi-accordion-item--ga2ytywypo preset--module--divi-accordion-item--c1p8kvjizh\"><h5 class=\"et_pb_toggle_title\">Lithium-Ionen-Batterie 100 Ah oder 210 Ah<\/h5><div class=\"et_pb_toggle_content et_flex_module\"><p>Die Zellchemie \u201eLithium-Eisen-Phosphat\u201c hat sich in den letzten Jahren stetig weiterentwickelt und ist die erste Wahl f\u00fcr den Ersatz von Bleibatterien. Unsere LiFePO4-Zellen \u00fcberzeugen durch ihre Langlebigkeit (10 mal mehr Ladezyklen). Diese Batterie kann auch bei Temperaturen bis -20\u00b0C problemlos eingesetzt werden.<\/p>\n<p><img loading=\"lazy\" decoding=\"async\" src=\"https:\/\/blackcamp.it\/wp-content\/uploads\/2024\/07\/Lithium-ion-battery_1920x1080-300x169.png\" width=\"300\" height=\"169\" alt=\"\" class=\"wp-image-234098 alignnone size-medium\" \/><\/p>\n<\/div><\/div><div class=\"et_pb_accordion_item_31 et_pb_accordion_item et_pb_toggle et_pb_module et_pb_toggle_close et_flex_module preset--module--divi-accordion-item--ga2ytywypo preset--module--divi-accordion-item--c1p8kvjizh\"><h5 class=\"et_pb_toggle_title\">Spannungswandler f\u00fcr 220V Strom jederzeit und \u00fcberall<\/h5><div class=\"et_pb_toggle_content et_flex_module\"><p>Dank des Spannungswandlers k\u00f6nnen 230V-Ger\u00e4te auch ohne Zugang zum Stromnetz betrieben werden. Mit einem 1000 Watt Spannungswandler (nur in Verbindung mit dem 100Ah Lithium-Ionen Akku einsetzbar) kann z.B. ein E-Bike geladen werden, mit einem 2500 Watt Spannungswandler (nur in Verbindung mit dem 210 Ah Lithium-Ionen Akku einsetzbar) k\u00f6nnen zwei E-Bikes geladen oder ein Haartrockner betrieben werden.<\/p>\n<p><img loading=\"lazy\" decoding=\"async\" src=\"https:\/\/blackcamp.it\/wp-content\/uploads\/2024\/07\/Voltage-converter_1920x1080-1-800x450.png\" width=\"800\" height=\"450\" alt=\"\" class=\"wp-image-236944 alignnone size-medium\" \/><\/p>\n<\/div><\/div><div class=\"et_pb_accordion_item_32 et_pb_accordion_item et_pb_toggle et_pb_module et_pb_toggle_close et_flex_module preset--module--divi-accordion-item--ga2ytywypo preset--module--divi-accordion-item--c1p8kvjizh\"><h5 class=\"et_pb_toggle_title\">Au\u00dfensteckdose f\u00fcr zus\u00e4tzliches Photovoltaik-Modul<\/h5><div class=\"et_pb_toggle_content et_flex_module\"><p>Gewinne noch mehr Energie, indem du ein zus\u00e4tzliches Photovoltaik-Modul anschlie\u00dft.<\/p>\n<p><img loading=\"lazy\" decoding=\"async\" src=\"https:\/\/blackcamp.it\/wp-content\/uploads\/2024\/07\/Outdoor-socket-photovoltaic-module_1920x1080-300x169.jpg\" width=\"300\" height=\"169\" alt=\"\" class=\"wp-image-234102 alignnone size-medium\" \/><\/p>\n<\/div><\/div><div class=\"et_pb_accordion_item_33 et_pb_accordion_item et_pb_toggle et_pb_module et_pb_toggle_close et_flex_module preset--module--divi-accordion-item--ga2ytywypo preset--module--divi-accordion-item--c1p8kvjizh\"><h5 class=\"et_pb_toggle_title\">Photovoltaik Panel 120W<\/h5><div class=\"et_pb_toggle_content et_flex_module\"><p>Mit Solarstrom kannst du noch l\u00e4nger ohne Landstromanschluss unterwegs sein.<\/p>\n<p><img loading=\"lazy\" decoding=\"async\" src=\"https:\/\/blackcamp.it\/wp-content\/uploads\/2024\/07\/Photovoltaic-panel_2_1920x1080-300x169.jpg\" width=\"300\" height=\"169\" alt=\"\" class=\"wp-image-234172 alignnone size-medium\" \/><\/p>\n<\/div><\/div><div class=\"et_pb_accordion_item_34 et_pb_accordion_item et_pb_toggle et_pb_module et_pb_toggle_close et_flex_module preset--module--divi-accordion-item--ga2ytywypo preset--module--divi-accordion-item--c1p8kvjizh\"><h5 class=\"et_pb_toggle_title\">Tragbares Photovoltaikmodul<\/h5><div class=\"et_pb_toggle_content et_flex_module\"><p>Dieses leichte, tragbare Photovoltaikmodul ist f\u00fcr 80W oder 120W erh\u00e4ltlich. Es kann einfach an die Au\u00dfensteckdose des BLACKCAMP Mini-Caravans angeschlossen werden.<\/p>\n<p><img loading=\"lazy\" decoding=\"async\" src=\"https:\/\/blackcamp.it\/wp-content\/uploads\/2024\/07\/Portable-photovoltaic-module_2_1920x1080-300x169.jpg\" width=\"300\" height=\"169\" alt=\"\" class=\"wp-image-234173 alignnone size-medium\" \/><\/p>\n<\/div><\/div><div class=\"et_pb_accordion_item_35 et_pb_accordion_item et_pb_toggle et_pb_module et_pb_toggle_close et_flex_module preset--module--divi-accordion-item--ga2ytywypo preset--module--divi-accordion-item--c1p8kvjizh\"><h5 class=\"et_pb_toggle_title\">USB- und normale Steckdosen<\/h5><div class=\"et_pb_toggle_content et_flex_module\"><p>Du kannst dein BLACKCAMP mit verschiedenen Steckdosen oder USB-Anschl\u00fcssen erweitern, z.B.:<\/p>\n<ul>\n<li>USB-Steckdose im Dachzelt<\/li>\n<li>230V Steckdose im Dachzelt<\/li>\n<li>230V Steckdose neben dem K\u00fchlschrank<\/li>\n<\/ul>\n<p>BILD FOLGT<\/p>\n<\/div><\/div><div class=\"et_pb_accordion_item_36 et_pb_accordion_item et_pb_toggle et_pb_module et_pb_toggle_close et_flex_module preset--module--divi-accordion-item--ga2ytywypo preset--module--divi-accordion-item--c1p8kvjizh\"><h5 class=\"et_pb_toggle_title\">LED-Licht im vorderen Stauraum<\/h5><div class=\"et_pb_toggle_content et_flex_module\"><p>BILD &amp; BESCHREIBUNG FOLGEN<\/p>\n<\/div><\/div><\/div><\/div><\/div><div class=\"et_pb_tab_6 et_pb_tab clearfix et_pb_module et_flex_module\"><div class=\"et_pb_tab_content et_flex_module\"><div class=\"et_pb_accordion_6 et_pb_accordion et_pb_module et_flex_module preset--module--divi-accordion--ga2ytywypo\"><div class=\"et_pb_accordion_item_37 et_pb_accordion_item et_pb_toggle et_pb_module et_pb_toggle_open et_flex_module preset--module--divi-accordion-item--ga2ytywypo preset--module--divi-accordion-item--c1p8kvjizh\"><h5 class=\"et_pb_toggle_title\">Offroad-Kit<\/h5><div class=\"et_pb_toggle_content et_flex_module\"><p>Mit diesem Offroad-Kit bist du f\u00fcr jedes Abenteuer ger\u00fcstet. Es enth\u00e4lt ein Offroad-Panel mit 2 Sandbrettern, 1 Schaufel und 1 Axt.<\/p>\n<p><img loading=\"lazy\" decoding=\"async\" src=\"https:\/\/blackcamp.it\/wp-content\/uploads\/2024\/07\/Offroad-Kit_2_1920x1080-300x169.jpg\" width=\"300\" height=\"169\" alt=\"\" class=\"wp-image-234175 alignnone size-medium\" \/><\/p>\n<\/div><\/div><div class=\"et_pb_accordion_item_38 et_pb_accordion_item et_pb_toggle et_pb_module et_pb_toggle_close et_flex_module preset--module--divi-accordion-item--ga2ytywypo preset--module--divi-accordion-item--c1p8kvjizh\"><h5 class=\"et_pb_toggle_title\">&#8220;Safety Ball&#8221;-Diebstahlsicherung<\/h5><div class=\"et_pb_toggle_content et_flex_module\"><p>Effektiver Schutz f\u00fcr deinen Minicaravan: Der \u201eSafety Ball\u201c verschlie\u00dft im abgekuppelten Zustand die Kugelaufnahme, w\u00e4hrend der Steckverschluss den Kupplungsgriff sichert. Zusammen verhindern sie das unbefugte An- und Abkuppeln \u2013 ideal f\u00fcr Zwischenstopps und l\u00e4ngere Standzeiten.<\/p>\n<p><img loading=\"lazy\" decoding=\"async\" src=\"https:\/\/blackcamp.it\/wp-content\/uploads\/2024\/07\/Safety-Ball-plug-lock_1920x1080-300x169.png\" width=\"300\" height=\"169\" alt=\"\" class=\"wp-image-234125 alignnone size-medium\" \/><\/p>\n<\/div><\/div><div class=\"et_pb_accordion_item_39 et_pb_accordion_item et_pb_toggle et_pb_module et_pb_toggle_close et_flex_module preset--module--divi-accordion-item--ga2ytywypo preset--module--divi-accordion-item--c1p8kvjizh\"><h5 class=\"et_pb_toggle_title\">Werkzeugkiste<\/h5><div class=\"et_pb_toggle_content et_flex_module\"><p>Wichtiges und Unwichtiges kann in der abschlie\u00dfbaren, verzinkten Werkzeugkiste (50 x 26 x 26 cm), die am Rahmen montiert ist, verstaut werden.<\/p>\n<p><img loading=\"lazy\" decoding=\"async\" src=\"https:\/\/blackcamp.it\/wp-content\/uploads\/2024\/07\/Tool-box_2_1920x1080-300x169.jpg\" width=\"300\" height=\"169\" alt=\"\" class=\"wp-image-234178 alignnone size-medium\" \/><\/p>\n<\/div><\/div><div class=\"et_pb_accordion_item_40 et_pb_accordion_item et_pb_toggle et_pb_module et_pb_toggle_close et_flex_module preset--module--divi-accordion-item--ga2ytywypo preset--module--divi-accordion-item--c1p8kvjizh\"><h5 class=\"et_pb_toggle_title\">Sonderlackierung<\/h5><div class=\"et_pb_toggle_content et_flex_module\"><p>Unter den RAL-Farben nichts Passendes gefunden? Wir bieten auch verschiedene Sonderlackierungen an, darunter Autofarben und Metalliclacke.<\/p>\n<p><img loading=\"lazy\" decoding=\"async\" src=\"https:\/\/blackcamp.it\/wp-content\/uploads\/2024\/07\/Special-painting_1920x1080-300x169.jpg\" width=\"300\" height=\"169\" alt=\"\" class=\"wp-image-234177 alignnone size-medium\" \/><\/p>\n<\/div><\/div><div class=\"et_pb_accordion_item_41 et_pb_accordion_item et_pb_toggle et_pb_module et_pb_toggle_close et_flex_module preset--module--divi-accordion-item--ga2ytywypo preset--module--divi-accordion-item--c1p8kvjizh\"><h5 class=\"et_pb_toggle_title\">Auflastung Gesamtgewicht auf 1.500kg oder 1.600kg<\/h5><div class=\"et_pb_toggle_content et_flex_module\"><p>Erh\u00f6hung der Nutzlast durch Auflastung auf 1.500 kg bzw. 1.600 kg Gesamtgewicht.<\/p>\n<\/div><\/div><div class=\"et_pb_accordion_item_42 et_pb_accordion_item et_pb_toggle et_pb_module et_pb_toggle_close et_flex_module preset--module--divi-accordion-item--ga2ytywypo preset--module--divi-accordion-item--c1p8kvjizh\"><h5 class=\"et_pb_toggle_title\">Achs-Sto\u00dfd\u00e4mpfer f\u00fcr 100 km\/h-Zulassung in Deutschland<\/h5><div class=\"et_pb_toggle_content et_flex_module\"><p>Zulassung nach europ\u00e4ischen Normen mit COC-Papieren und 100 km\/h Sto\u00dfd\u00e4mpferachsen.<\/p>\n<\/div><\/div><div class=\"et_pb_accordion_item_43 et_pb_accordion_item et_pb_toggle et_pb_module et_pb_toggle_close et_flex_module preset--module--divi-accordion-item--ga2ytywypo preset--module--divi-accordion-item--c1p8kvjizh\"><h5 class=\"et_pb_toggle_title\">St\u00fctzf\u00fc\u00dfe<\/h5><div class=\"et_pb_toggle_content et_flex_module\"><p>St\u00fctzf\u00fc\u00dfe sorgen f\u00fcr Stabilit\u00e4t und Sicherheit beim Parken deines Mini-Caravans. Sie verhindern ein Wackeln oder Kippen auf unebenem Gel\u00e4nde und sind einfach in der H\u00f6he verstellbar, um eine schnelle und sichere Aufstellung zu gew\u00e4hrleisten.<\/p>\n<p>BILD FOLGT<\/p>\n<\/div><\/div><\/div><\/div><\/div><\/div><\/div><\/div><\/div>\n<\/div>\n<\/div>\n<\/div>","protected":false},"excerpt":{"rendered":"","protected":false},"author":1,"featured_media":251172,"parent":0,"menu_order":0,"comment_status":"closed","ping_status":"closed","template":"","meta":{"_seopress_titles_title":"BLACKCAMP FREEda XL: mini caravan e roulotte da campeggio","_seopress_titles_desc":"Scopri BLACKCAMP FREEda XL: la nostra spaziosa mini roulotte con 4.630 litri di spazio di stivaggio, cucina estraibile e tanti accessori. Configura ora a partire da 25.440 euro!","_seopress_robots_index":"","_seopress_robots_follow":"","_seopress_robots_imageindex":"","_seopress_robots_snippet":"","_seopress_robots_primary_cat":"","_seopress_robots_breadcrumbs":"","_seopress_robots_freeze_modified_date":"","_seopress_robots_custom_modified_date":"","_seopress_robots_canonical":"","_seopress_social_fb_title":"","_seopress_social_fb_desc":"","_seopress_social_fb_img":"","_seopress_social_fb_img_attachment_id":0,"_seopress_social_fb_img_width":0,"_seopress_social_fb_img_height":0,"_seopress_social_twitter_title":"","_seopress_social_twitter_desc":"","_seopress_social_twitter_img":"","_seopress_social_twitter_img_attachment_id":0,"_seopress_social_twitter_img_width":0,"_seopress_social_twitter_img_height":0,"_seopress_redirections_value":"","_seopress_redirections_enabled":"","_seopress_redirections_enabled_regex":"","_seopress_redirections_logged_status":"","_seopress_redirections_param":"","_seopress_redirections_type":0,"_seopress_analysis_target_kw":"freeda xl","footnotes":""},"class_list":["post-251485","page","type-page","status-publish","has-post-thumbnail","hentry"],"_links":{"self":[{"href":"https:\/\/blackcamp.it\/it\/wp-json\/wp\/v2\/pages\/251485","targetHints":{"allow":["GET"]}}],"collection":[{"href":"https:\/\/blackcamp.it\/it\/wp-json\/wp\/v2\/pages"}],"about":[{"href":"https:\/\/blackcamp.it\/it\/wp-json\/wp\/v2\/types\/page"}],"author":[{"embeddable":true,"href":"https:\/\/blackcamp.it\/it\/wp-json\/wp\/v2\/users\/1"}],"replies":[{"embeddable":true,"href":"https:\/\/blackcamp.it\/it\/wp-json\/wp\/v2\/comments?post=251485"}],"version-history":[{"count":14,"href":"https:\/\/blackcamp.it\/it\/wp-json\/wp\/v2\/pages\/251485\/revisions"}],"predecessor-version":[{"id":252143,"href":"https:\/\/blackcamp.it\/it\/wp-json\/wp\/v2\/pages\/251485\/revisions\/252143"}],"wp:featuredmedia":[{"embeddable":true,"href":"https:\/\/blackcamp.it\/it\/wp-json\/wp\/v2\/media\/251172"}],"wp:attachment":[{"href":"https:\/\/blackcamp.it\/it\/wp-json\/wp\/v2\/media?parent=251485"}],"curies":[{"name":"wp","href":"https:\/\/api.w.org\/{rel}","templated":true}]}}